{"id":18,"date":"2022-09-24T19:33:22","date_gmt":"2022-09-24T19:33:22","guid":{"rendered":"https:\/\/blessingway.hu\/?page_id=18"},"modified":"2023-03-15T12:29:36","modified_gmt":"2023-03-15T12:29:36","slug":"rolam","status":"publish","type":"page","link":"https:\/\/blessingway.hu\/?page_id=18","title":{"rendered":"R\u00f3lam"},"content":{"rendered":"\n<p>Soml\u00f3-Bakos Dalma vagyok, anya, feles\u00e9g, n\u0151. A m\u00e1sodik gyermekem, egyben az els\u0151 otthonsz\u00fcl\u00e9sem ut\u00e1n kezdett el foglalkoztatni a sz\u00fcl\u00e9s miszt\u00e9riuma. Szeretn\u00e9m, ha a n\u0151k t\u00e9nyleg csod\u00e1nak \u00e9ln\u00e9k meg a v\u00e1rand\u00f3ss\u00e1gukat \u00e9s a sz\u00fcl\u00e9s\u00fcket, hogy ezekre kell\u0151en fel legyenek k\u00e9sz\u00fclve, hogy megkapj\u00e1k a sz\u00fcks\u00e9ges t\u00e1j\u00e9koztat\u00e1st.<\/p>\n\n\n\n<p>A Blessingway cerem\u00f3nia sor\u00e1n a kismama megkapja azt az \u00e9rzelmi t\u00f6ltekez\u00e9st, meger\u0151s\u00edt\u00e9st, t\u00e1mogat\u00e1st, amire sz\u00fcks\u00e9ge van, \u00e9s b\u00edzom benne, hogy a vaj\u00fad\u00e1s \u00e9s a sz\u00fcl\u00e9s sor\u00e1n az \u00fcnnep alatt kapott n\u0151i energi\u00e1kb\u00f3l tud t\u00f6ltekezni.<\/p>\n\n\n\n<p>C\u00e9lom, hogy min\u00e9l t\u00f6bbet tudjak seg\u00edteni n\u0151t\u00e1rsaimnak, hogy a n\u0151k \u00fajra felfedezz\u00e9k magukban a benn\u00fck l\u00e9v\u0151 \u0151ser\u0151t \u00e9s higgyenek magukban.<\/p>\n\n\n\n<p>A Blessingway alapjait Z\u00e1goni Bettina perinat\u00e1lis tan\u00e1csad\u00f3, d\u00fala, j\u00f3gaoktat\u00f3t\u00f3l tanultam el 2022. szeptember\u00e9ben, ezt k\u00f6vet\u0151en kezdtem el \u00e9n is foglalkozni Blessingwayek szervez\u00e9s\u00e9vel. Mivel k\u00fcldet\u00e9semnek \u00e9reztem, hogy az \u00e9rdekl\u0151d\u0151knek ne kelljen t\u00f6bb sz\u00e1z kilom\u00e9tert utazni a saj\u00e1t \u00fcnnep\u00fck\u00e9rt, \u00edgy  els\u0151 debreceni tan\u00edtv\u00e1nyk\u00e9nt elhoztam Nektek Hajd\u00fa-Bihar megy\u00e9be a Blessingwayt.<\/p>\n","protected":false},"excerpt":{"rendered":"<p>Soml\u00f3-Bakos Dalma vagyok, anya, feles\u00e9g, n\u0151. A m\u00e1sodik gyermekem, egyben az els\u0151 otthonsz\u00fcl\u00e9sem ut\u00e1n kezdett el foglalkoztatni a sz\u00fcl\u00e9s miszt\u00e9riuma. Szeretn\u00e9m, ha a n\u0151k t\u00e9nyleg csod\u00e1nak \u00e9ln\u00e9k meg a v\u00e1rand\u00f3ss\u00e1gukat \u00e9s a sz\u00fcl\u00e9s\u00fcket, hogy ezekre kell\u0151en fel legyenek k\u00e9sz\u00fclve, hogy megkapj\u00e1k a sz\u00fcks\u00e9ges t\u00e1j\u00e9koztat\u00e1st. A Blessingway cerem\u00f3nia sor\u00e1n a kismama megkapja azt az \u00e9rzelmi t\u00f6ltekez\u00e9st, [&hellip;]<\/p>\n","protected":false},"author":1,"featured_media":0,"parent":0,"menu_order":0,"comment_status":"closed","ping_status":"closed","template":"","meta":{"_monsterinsights_skip_tracking":false,"_monsterinsights_sitenote_active":false,"_monsterinsights_sitenote_note":"","_monsterinsights_sitenote_category":0},"aioseo_notices":[],"_links":{"self":[{"href":"https:\/\/blessingway.hu\/index.php?rest_route=\/wp\/v2\/pages\/18"}],"collection":[{"href":"https:\/\/blessingway.hu\/index.php?rest_route=\/wp\/v2\/pages"}],"about":[{"href":"https:\/\/blessingway.hu\/index.php?rest_route=\/wp\/v2\/types\/page"}],"author":[{"embeddable":true,"href":"https:\/\/blessingway.hu\/index.php?rest_route=\/wp\/v2\/users\/1"}],"replies":[{"embeddable":true,"href":"https:\/\/blessingway.hu\/index.php?rest_route=%2Fwp%2Fv2%2Fcomments&post=18"}],"version-history":[{"count":5,"href":"https:\/\/blessingway.hu\/index.php?rest_route=\/wp\/v2\/pages\/18\/revisions"}],"predecessor-version":[{"id":148,"href":"https:\/\/blessingway.hu\/index.php?rest_route=\/wp\/v2\/pages\/18\/revisions\/148"}],"wp:attachment":[{"href":"https:\/\/blessingway.hu\/index.php?rest_route=%2Fwp%2Fv2%2Fmedia&parent=18"}],"curies":[{"name":"wp","href":"https:\/\/api.w.org\/{rel}","templated":true}]}}